{"id":1253,"date":"2016-04-22T12:44:09","date_gmt":"2016-04-22T11:44:09","guid":{"rendered":"https:\/\/www.celesta-schiedmayer.de\/en\/?page_id=1253"},"modified":"2020-02-27T13:41:17","modified_gmt":"2020-02-27T12:41:17","slug":"audio-samples","status":"publish","type":"page","link":"https:\/\/www.celesta-schiedmayer.de\/en\/celesta\/audio-samples\/","title":{"rendered":"Celesta audio samples"},"content":{"rendered":"\n<style type=\"text\/css\" data-created_by=\"avia_inline_auto\" id=\"style-css-av-av_heading-fd6ecf51acb43ad50dc170a1d023c419\">\n#top .av-special-heading.av-av_heading-fd6ecf51acb43ad50dc170a1d023c419{\npadding-bottom:10px;\n}\nbody .av-special-heading.av-av_heading-fd6ecf51acb43ad50dc170a1d023c419 .av-special-heading-tag .heading-char{\nfont-size:25px;\n}\n.av-special-heading.av-av_heading-fd6ecf51acb43ad50dc170a1d023c419 .av-subheading{\nfont-size:15px;\n}\n<\/style>\n<div  class='av-special-heading av-av_heading-fd6ecf51acb43ad50dc170a1d023c419 av-special-heading-h1  avia-builder-el-0  el_before_av_three_fifth  avia-builder-el-first '><h1 class='av-special-heading-tag '  itemprop=\"headline\"  >CELESTA AUDIO SAMPLES<\/h1><div class=\"special-heading-border\"><div class=\"special-heading-inner-border\"><\/div><\/div><\/div>\n\n<style type=\"text\/css\" data-created_by=\"avia_inline_auto\" id=\"style-css-av-4xff4y-aa0be7683dbadd77f52ee7808531860a\">\n.flex_column.av-4xff4y-aa0be7683dbadd77f52ee7808531860a{\nborder-radius:0px 0px 0px 0px;\npadding:0px 0px 0px 0px;\n}\n<\/style>\n<div  class='flex_column av-4xff4y-aa0be7683dbadd77f52ee7808531860a av_three_fifth  avia-builder-el-1  el_after_av_heading  el_before_av_two_fifth  first flex_column_div av-zero-column-padding  '     ><p><section  class='av_textblock_section av-4no4j6-7247ea4592c60d54543994ec0dc4d02a '   itemscope=\"itemscope\" itemtype=\"https:\/\/schema.org\/CreativeWork\" ><div class='avia_textblock'  itemprop=\"text\" ><p>Listen to the heavenly sounds of the celesta. Here you will find celesta sound samples from different musical eras and the most famous celesta parts.<\/p>\n<p>The Spanish pianist Celia Garc\u00eda-Garc\u00eda has recorded famous piano pieces on a Schiedmayer-Celesta. The exceptional sound of the celesta instrument brings new colours into the music. The famous works of Bach, Beethoven, Schumann, Chopin, Tchaikovsky, Debussy, Gershwin and others have never been heard \u2013 an absolute rarity on the record market!<\/p>\n<\/div><\/section><br \/>\n<div  class='avia-button-wrap av-4hqo4a-81ee04afd255079c7ede72c5356777f5-wrap avia-button-left  avia-builder-el-3  el_after_av_textblock  el_before_av_button '><a href='https:\/\/www.carus-verlag.com\/einspielungen\/alle-einspielungen\/piano-classics-for-celesta.html'  class='avia-button av-4hqo4a-81ee04afd255079c7ede72c5356777f5 av-link-btn avia-icon_select-yes-left-icon avia-size-large avia-position-left avia-color-theme-color'  target=\"_blank\"  rel=\"noopener noreferrer\"  aria-label=\" Famous Piano Pieces on the Celesta\"><span class='avia_button_icon avia_button_icon_left avia-iconfont avia-font-entypo-fontello' data-av_icon='\ue801' data-av_iconfont='entypo-fontello' ><\/span><span class='avia_iconbox_title' > Famous Piano Pieces on the Celesta<\/span><\/a><\/div><br \/>\n<div  class='avia-button-wrap av-4c4ami-c053d69452ecbaff19252178869c1602-wrap avia-button-left  avia-builder-el-4  el_after_av_button  el_before_av_button '><a href='https:\/\/twitter.com\/celiapiano\/status\/704350681893830657'  class='avia-button av-4c4ami-c053d69452ecbaff19252178869c1602 av-link-btn avia-icon_select-yes-left-icon avia-size-medium avia-position-left avia-color-theme-color'  target=\"_blank\"  rel=\"noopener noreferrer\"  aria-label=\"Celia Garc\u00eda-Garc\u00eda on twitter\"><span class='avia_button_icon avia_button_icon_left avia-iconfont avia-font-entypo-fontello' data-av_icon='\ue8f1' data-av_iconfont='entypo-fontello' ><\/span><span class='avia_iconbox_title' >Celia Garc\u00eda-Garc\u00eda on twitter<\/span><\/a><\/div><br \/>\n<div  class='avia-button-wrap av-46uez6-2dcef9d043dc4f710d68f3f4b5ca3dc3-wrap avia-button-left  avia-builder-el-5  el_after_av_button  avia-builder-el-last '><a href='https:\/\/www.facebook.com\/celia.piano'  class='avia-button av-46uez6-2dcef9d043dc4f710d68f3f4b5ca3dc3 av-link-btn avia-icon_select-yes-left-icon avia-size-medium avia-position-left avia-color-theme-color'  target=\"_blank\"  rel=\"noopener noreferrer\"  aria-label=\"Celia Garc\u00eda-Garc\u00eda on facebook\"><span class='avia_button_icon avia_button_icon_left avia-iconfont avia-font-entypo-fontello' data-av_icon='\ue8f3' data-av_iconfont='entypo-fontello' ><\/span><span class='avia_iconbox_title' >Celia Garc\u00eda-Garc\u00eda on facebook<\/span><\/a><\/div><\/p><\/div>\n\n<style type=\"text\/css\" data-created_by=\"avia_inline_auto\" id=\"style-css-av-43uow2-f54f5fe9fd623ea9dc231bc089c62d61\">\n.flex_column.av-43uow2-f54f5fe9fd623ea9dc231bc089c62d61{\nborder-radius:0px 0px 0px 0px;\npadding:0px 0px 0px 0px;\n}\n<\/style>\n<div  class='flex_column av-43uow2-f54f5fe9fd623ea9dc231bc089c62d61 av_two_fifth  avia-builder-el-6  el_after_av_three_fifth  el_before_av_hr  flex_column_div av-zero-column-padding  '     ><style type=\"text\/css\" data-created_by=\"avia_inline_auto\" id=\"style-css-av-3wa90q-103bfa5e17163f0125ff6f8a78ddbb17\">\n.avia-image-container.av-3wa90q-103bfa5e17163f0125ff6f8a78ddbb17 img.avia_image{\nbox-shadow:none;\n}\n.avia-image-container.av-3wa90q-103bfa5e17163f0125ff6f8a78ddbb17 .av-image-caption-overlay-center{\ncolor:#ffffff;\n}\n<\/style>\n<div  class='avia-image-container av-3wa90q-103bfa5e17163f0125ff6f8a78ddbb17 av-styling- av-img-linked avia-align-center  avia-builder-el-7  avia-builder-el-no-sibling '   itemprop=\"image\" itemscope=\"itemscope\" itemtype=\"https:\/\/schema.org\/ImageObject\" ><div class=\"avia-image-container-inner\"><div class=\"avia-image-overlay-wrap\"><a href=\"https:\/\/www.carus-verlag.com\/einspielungen\/alle-einspielungen\/piano-classics-for-celesta.html\" class='avia_image '  target=\"_blank\"  rel=\"noopener noreferrer\" aria-label='Celia Garc\u00eda-Garc\u00eda plays celesta'><img decoding=\"async\" fetchpriority=\"high\" class='wp-image-2040 avia-img-lazy-loading-not-2040 avia_image ' src=\"https:\/\/www.celesta-schiedmayer.de\/wp-content\/uploads\/2016\/04\/celia-garcia-garcia-plays-celesta.jpg\" alt='Celia Garc\u00eda-Garc\u00eda plays celesta' title='Celia Garc\u00eda-Garc\u00eda plays celesta'  height=\"298\" width=\"300\"  itemprop=\"thumbnailUrl\" srcset=\"https:\/\/www.celesta-schiedmayer.de\/wp-content\/uploads\/2016\/04\/celia-garcia-garcia-plays-celesta.jpg 300w, https:\/\/www.celesta-schiedmayer.de\/wp-content\/uploads\/2016\/04\/celia-garcia-garcia-plays-celesta-80x80.jpg 80w, https:\/\/www.celesta-schiedmayer.de\/wp-content\/uploads\/2016\/04\/celia-garcia-garcia-plays-celesta-36x36.jpg 36w, https:\/\/www.celesta-schiedmayer.de\/wp-content\/uploads\/2016\/04\/celia-garcia-garcia-plays-celesta-180x180.jpg 180w, https:\/\/www.celesta-schiedmayer.de\/wp-content\/uploads\/2016\/04\/celia-garcia-garcia-plays-celesta-120x120.jpg 120w\" sizes=\"(max-width: 300px) 100vw, 300px\" \/><\/a><\/div><\/div><\/div><\/div>\n\n<style type=\"text\/css\" data-created_by=\"avia_inline_auto\" id=\"style-css-av-3qfd76-7751e33841d3fc3906c55530ca2f9618\">\n#top .hr.hr-invisible.av-3qfd76-7751e33841d3fc3906c55530ca2f9618{\nheight:30px;\n}\n<\/style>\n<div  class='hr av-3qfd76-7751e33841d3fc3906c55530ca2f9618 hr-invisible  avia-builder-el-8  el_after_av_two_fifth  el_before_av_textblock '><span class='hr-inner '><span class=\"hr-inner-style\"><\/span><\/span><\/div>\n<section  class='av_textblock_section av-3lxcmy-fe3079d00d4e4f73729a16acd6a8ee52 '   itemscope=\"itemscope\" itemtype=\"https:\/\/schema.org\/CreativeWork\" ><div class='avia_textblock'  itemprop=\"text\" ><section class=\"av_textblock_section \">\n<div class=\"avia_textblock \">\n<p><strong>All following audio samples are from the CD Schiedmayer Keyboards, \u00a9 Schiedmayer Celesta GmbH 2013<\/strong><\/p>\n<\/div>\n<\/section>\n<\/div><\/section>\n\n<style type=\"text\/css\" data-created_by=\"avia_inline_auto\" id=\"style-css-av-3qfd76-63369d2309407533afb075f608f25f87\">\n#top .hr.hr-invisible.av-3qfd76-63369d2309407533afb075f608f25f87{\nheight:30px;\n}\n<\/style>\n<div  class='hr av-3qfd76-63369d2309407533afb075f608f25f87 hr-invisible  avia-builder-el-10  el_after_av_textblock  el_before_av_one_half '><span class='hr-inner '><span class=\"hr-inner-style\"><\/span><\/span><\/div>\n\n<style type=\"text\/css\" data-created_by=\"avia_inline_auto\" id=\"style-css-av-2a57he-068596033e477aadb211e387636b85ef\">\n.flex_column.av-2a57he-068596033e477aadb211e387636b85ef{\nborder-radius:0px 0px 0px 0px;\npadding:0px 0px 0px 0px;\n}\n<\/style>\n<div  class='flex_column av-2a57he-068596033e477aadb211e387636b85ef av_one_half  avia-builder-el-11  el_after_av_hr  el_before_av_one_half  first flex_column_div av-zero-column-padding  '     ><p>\n<style type=\"text\/css\" data-created_by=\"avia_inline_auto\" id=\"style-css-av-b4f3v9-bdc76350d765293562063730c5c5e6a4\">\n#top .av-special-heading.av-b4f3v9-bdc76350d765293562063730c5c5e6a4{\npadding-bottom:10px;\n}\nbody .av-special-heading.av-b4f3v9-bdc76350d765293562063730c5c5e6a4 .av-special-heading-tag .heading-char{\nfont-size:25px;\n}\n.av-special-heading.av-b4f3v9-bdc76350d765293562063730c5c5e6a4 .av-subheading{\nfont-size:15px;\n}\n<\/style>\n<div  class='av-special-heading av-b4f3v9-bdc76350d765293562063730c5c5e6a4 av-special-heading-h3  avia-builder-el-12  el_before_av_textblock  avia-builder-el-first '><h3 class='av-special-heading-tag '  itemprop=\"headline\"  >Dance of the Sugar Plum Fairy \/ Hedwig\u2019s Theme<\/h3><div class=\"special-heading-border\"><div class=\"special-heading-inner-border\"><\/div><\/div><\/div><br \/>\n<section  class='av_textblock_section av-29xsia-67622c576ba89164ddc1b835b9ef7837 '   itemscope=\"itemscope\" itemtype=\"https:\/\/schema.org\/CreativeWork\" ><div class='avia_textblock'  itemprop=\"text\" ><p>\u00a9 2007 Philipp Vandr\u00e9, arranged and performed by Philipp Vandr\u00e9: Nutcracker \u201eDance of the Suger Plum Fairy\u201c \/ \u201eHedwig\u2019s Theme\u201c from Harry Potter<\/p>\n<\/div><\/section><br \/>\n<div id=\"av_player-1\" class=\"av-player av-player-container av-jkccp3hs-5794c71d5257677b86ea1e78a6f2272b avia-playerstyle-minimal av_player-1  avia-builder-el-14  el_after_av_textblock  avia-builder-el-last  av-player-hide-playlist first avia-playlist-hide-cover\"><div class=\"av-player-player-container\"><div class=\"wp-playlist wp-audio-playlist wp-playlist-light\">\n\t\t\t<div class=\"wp-playlist-current-item\"><\/div>\n\t\t<audio controls=\"controls\" preload=\"none\" width=\"1478\"\n\t\t\t><\/audio>\n\t<div class=\"wp-playlist-next\"><\/div>\n\t<div class=\"wp-playlist-prev\"><\/div>\n\t<noscript>\n\t<ol>\n\t\t<li><a href='https:\/\/www.celesta-schiedmayer.de\/wp-content\/uploads\/2016\/04\/Solo-for-Celesta-Nussknacker.mp3'>Solo for Celesta - Dance of the Sugar Plum Fairy<\/a><\/li>\t<\/ol>\n\t<\/noscript>\n\t<script type=\"application\/json\" class=\"wp-playlist-script\">{\"type\":\"audio\",\"tracklist\":true,\"tracknumbers\":true,\"images\":false,\"artists\":true,\"tracks\":[{\"src\":\"https:\/\/www.celesta-schiedmayer.de\/wp-content\/uploads\/2016\/04\/Solo-for-Celesta-Nussknacker.mp3\",\"type\":\"audio\/mpeg\",\"title\":\"Solo for Celesta - Dance of the Sugar Plum Fairy\",\"caption\":\"\",\"description\":\"\\\"Solo for Celesta - Tanz der Zuckerfee\\\" from Schiedmayer Keyboards by Philipp Vandr\\u00e9. Genre: Classical.\",\"meta\":{\"artist\":\"Philipp Vandr\\u00e9\",\"album\":\"Schiedmayer Celesta\",\"genre\":\"Classical\",\"length_formatted\":\"0:28\"}}]}<\/script>\n<\/div>\n\t<\/div><\/div><\/p><\/div>\n\n<style type=\"text\/css\" data-created_by=\"avia_inline_auto\" id=\"style-css-av-2oaei2-c795835d7b9bd9880ad6ea49893ba074\">\n.flex_column.av-2oaei2-c795835d7b9bd9880ad6ea49893ba074{\nborder-radius:0px 0px 0px 0px;\npadding:0px 0px 0px 0px;\n}\n<\/style>\n<div  class='flex_column av-2oaei2-c795835d7b9bd9880ad6ea49893ba074 av_one_half  avia-builder-el-15  el_after_av_one_half  el_before_av_hr  flex_column_div av-zero-column-padding  '     ><p>\n<style type=\"text\/css\" data-created_by=\"avia_inline_auto\" id=\"style-css-av-jkku20e8-b379754d679b5af9183490051ce71f1c\">\n#top .av-special-heading.av-jkku20e8-b379754d679b5af9183490051ce71f1c{\npadding-bottom:10px;\n}\nbody .av-special-heading.av-jkku20e8-b379754d679b5af9183490051ce71f1c .av-special-heading-tag .heading-char{\nfont-size:25px;\n}\n.av-special-heading.av-jkku20e8-b379754d679b5af9183490051ce71f1c .av-subheading{\nfont-size:15px;\n}\n<\/style>\n<div  class='av-special-heading av-jkku20e8-b379754d679b5af9183490051ce71f1c av-special-heading-h3  avia-builder-el-16  el_before_av_textblock  avia-builder-el-first '><h3 class='av-special-heading-tag '  itemprop=\"headline\"  >Solo for Celesta (Potpourri)<\/h3><div class=\"special-heading-border\"><div class=\"special-heading-inner-border\"><\/div><\/div><\/div><br \/>\n<section  class='av_textblock_section av-2y5gwq-36dec16fca204167bbdb1b288dfb3671 '   itemscope=\"itemscope\" itemtype=\"https:\/\/schema.org\/CreativeWork\" ><div class='avia_textblock'  itemprop=\"text\" ><p>\u00a9 2007 Philipp Vandr\u00e9, arranged and performed by Philipp Vandr\u00e9, Motif from \u201eDer Rosenkavalier\u201c (Richard Strauss) \/ \u201eHedwig\u2019s Theme\u201c from Harry Potter (John Williams)<\/p>\n<\/div><\/section><br \/>\n<div id=\"av_player-2\" class=\"av-player av-player-container av-jkccp3hs-1305ef05ecebaaf443079b7be7c53c9f avia-playerstyle-minimal av_player-2  avia-builder-el-18  el_after_av_textblock  avia-builder-el-last  av-player-hide-playlist avia-playlist-hide-cover\"><div class=\"av-player-player-container\"><div class=\"wp-playlist wp-audio-playlist wp-playlist-light\">\n\t\t\t<div class=\"wp-playlist-current-item\"><\/div>\n\t\t<audio controls=\"controls\" preload=\"none\" width=\"1478\"\n\t\t\t><\/audio>\n\t<div class=\"wp-playlist-next\"><\/div>\n\t<div class=\"wp-playlist-prev\"><\/div>\n\t<noscript>\n\t<ol>\n\t\t<li><a href='https:\/\/www.celesta-schiedmayer.de\/wp-content\/uploads\/2016\/04\/Solo-for-Celesta-Rosenkavalier-Motiv.mp3'>Solo for Celesta - Rosenkavalier<\/a><\/li>\t<\/ol>\n\t<\/noscript>\n\t<script type=\"application\/json\" class=\"wp-playlist-script\">{\"type\":\"audio\",\"tracklist\":true,\"tracknumbers\":true,\"images\":false,\"artists\":true,\"tracks\":[{\"src\":\"https:\/\/www.celesta-schiedmayer.de\/wp-content\/uploads\/2016\/04\/Solo-for-Celesta-Rosenkavalier-Motiv.mp3\",\"type\":\"audio\/mpeg\",\"title\":\"Solo for Celesta - Rosenkavalier\",\"caption\":\"\",\"description\":\"\\\"Solo for Celesta - Rosenkavalier\\\" from Schiedmayer Keyboards by Philipp Vandr\\u00e9. Genre: Classical.\",\"meta\":{\"artist\":\"Philipp Vandr\\u00e9\",\"album\":\"Schiedmayer Keyboards\",\"genre\":\"Classical\",\"length_formatted\":\"1:29\"}}]}<\/script>\n<\/div>\n\t<\/div><\/div><\/p><\/div>\n\n<style type=\"text\/css\" data-created_by=\"avia_inline_auto\" id=\"style-css-av-8vrq9h-35ff463085b84c33bc93d9ef12c5ab29\">\n#top .hr.hr-invisible.av-8vrq9h-35ff463085b84c33bc93d9ef12c5ab29{\nheight:50px;\n}\n<\/style>\n<div  class='hr av-8vrq9h-35ff463085b84c33bc93d9ef12c5ab29 hr-invisible  avia-builder-el-19  el_after_av_one_half  el_before_av_one_half '><span class='hr-inner '><span class=\"hr-inner-style\"><\/span><\/span><\/div>\n\n<style type=\"text\/css\" data-created_by=\"avia_inline_auto\" id=\"style-css-av-sbzii-76becb02dc827a601cbd9beb4511df29\">\n.flex_column.av-sbzii-76becb02dc827a601cbd9beb4511df29{\nborder-radius:0px 0px 0px 0px;\npadding:0px 0px 0px 0px;\n}\n<\/style>\n<div  class='flex_column av-sbzii-76becb02dc827a601cbd9beb4511df29 av_one_half  avia-builder-el-20  el_after_av_hr  el_before_av_one_half  first flex_column_div av-zero-column-padding  '     ><p>\n<style type=\"text\/css\" data-created_by=\"avia_inline_auto\" id=\"style-css-av-5u0olx-5467a47c44335d4d96763991a08976e1\">\n#top .av-special-heading.av-5u0olx-5467a47c44335d4d96763991a08976e1{\npadding-bottom:10px;\n}\nbody .av-special-heading.av-5u0olx-5467a47c44335d4d96763991a08976e1 .av-special-heading-tag .heading-char{\nfont-size:25px;\n}\n.av-special-heading.av-5u0olx-5467a47c44335d4d96763991a08976e1 .av-subheading{\nfont-size:15px;\n}\n<\/style>\n<div  class='av-special-heading av-5u0olx-5467a47c44335d4d96763991a08976e1 av-special-heading-h3  avia-builder-el-21  el_before_av_textblock  avia-builder-el-first '><h3 class='av-special-heading-tag '  itemprop=\"headline\"  >Summertime<\/h3><div class=\"special-heading-border\"><div class=\"special-heading-inner-border\"><\/div><\/div><\/div><br \/>\n<section  class='av_textblock_section av-kc6ei-03a4257a8118296e91979f6fa7589a37 '   itemscope=\"itemscope\" itemtype=\"https:\/\/schema.org\/CreativeWork\" ><div class='avia_textblock'  itemprop=\"text\" ><p>Composer: George Gershwin, performed by Waldemar Grab<\/p>\n<\/div><\/section><br \/>\n<div id=\"av_player-3\" class=\"av-player av-player-container av-jkccp3hs-1305ef05ecebaaf443079b7be7c53c9f avia-playerstyle-minimal av_player-3  avia-builder-el-23  el_after_av_textblock  avia-builder-el-last  av-player-hide-playlist avia-playlist-hide-cover\"><div class=\"av-player-player-container\"><div class=\"wp-playlist wp-audio-playlist wp-playlist-light\">\n\t\t\t<div class=\"wp-playlist-current-item\"><\/div>\n\t\t<audio controls=\"controls\" preload=\"none\" width=\"1478\"\n\t\t\t><\/audio>\n\t<div class=\"wp-playlist-next\"><\/div>\n\t<div class=\"wp-playlist-prev\"><\/div>\n\t<noscript>\n\t<ol>\n\t\t<li><a href='https:\/\/www.celesta-schiedmayer.de\/wp-content\/uploads\/2016\/04\/Summertime.mp3'>Summertime<\/a><\/li>\t<\/ol>\n\t<\/noscript>\n\t<script type=\"application\/json\" class=\"wp-playlist-script\">{\"type\":\"audio\",\"tracklist\":true,\"tracknumbers\":true,\"images\":false,\"artists\":true,\"tracks\":[{\"src\":\"https:\/\/www.celesta-schiedmayer.de\/wp-content\/uploads\/2016\/04\/Summertime.mp3\",\"type\":\"audio\/mpeg\",\"title\":\"Summertime\",\"caption\":\"\",\"description\":\"\\\"Summertime\\\" from Schiedmayer Keyboards by Waldemar Grab. Genre: Classical.\",\"meta\":{\"artist\":\"Waldemar Grab\",\"album\":\"Schiedmayer Keyboards\",\"genre\":\"Classical\",\"length_formatted\":\"0:30\"}}]}<\/script>\n<\/div>\n\t<\/div><\/div><\/p><\/div>\n\n<style type=\"text\/css\" data-created_by=\"avia_inline_auto\" id=\"style-css-av-1du3ki-d25fa06b4f9220131fb05e77a0707c7d\">\n.flex_column.av-1du3ki-d25fa06b4f9220131fb05e77a0707c7d{\nborder-radius:0px 0px 0px 0px;\npadding:0px 0px 0px 0px;\n}\n<\/style>\n<div  class='flex_column av-1du3ki-d25fa06b4f9220131fb05e77a0707c7d av_one_half  avia-builder-el-24  el_after_av_one_half  el_before_av_hr  flex_column_div av-zero-column-padding  '     ><p>\n<style type=\"text\/css\" data-created_by=\"avia_inline_auto\" id=\"style-css-av-d073dh-a7d0251933102fc5bd1aba8a0fde8bc4\">\n#top .av-special-heading.av-d073dh-a7d0251933102fc5bd1aba8a0fde8bc4{\npadding-bottom:10px;\n}\nbody .av-special-heading.av-d073dh-a7d0251933102fc5bd1aba8a0fde8bc4 .av-special-heading-tag .heading-char{\nfont-size:25px;\n}\n.av-special-heading.av-d073dh-a7d0251933102fc5bd1aba8a0fde8bc4 .av-subheading{\nfont-size:15px;\n}\n<\/style>\n<div  class='av-special-heading av-d073dh-a7d0251933102fc5bd1aba8a0fde8bc4 av-special-heading-h3  avia-builder-el-25  el_before_av_textblock  avia-builder-el-first '><h3 class='av-special-heading-tag '  itemprop=\"headline\"  >Septemberwind<\/h3><div class=\"special-heading-border\"><div class=\"special-heading-inner-border\"><\/div><\/div><\/div><br \/>\n<section  class='av_textblock_section av-1888le-2bdacccd219664df5f26f81742d0c4e8 '   itemscope=\"itemscope\" itemtype=\"https:\/\/schema.org\/CreativeWork\" ><div class='avia_textblock'  itemprop=\"text\" ><p>Music by P. Losito\/S.Catugno, arranged and performed by Waldemar Grab<\/p>\n<\/div><\/section><br \/>\n<div id=\"av_player-4\" class=\"av-player av-player-container av-jkccp3hs-1305ef05ecebaaf443079b7be7c53c9f avia-playerstyle-minimal av_player-4  avia-builder-el-27  el_after_av_textblock  avia-builder-el-last  av-player-hide-playlist avia-playlist-hide-cover\"><div class=\"av-player-player-container\"><div class=\"wp-playlist wp-audio-playlist wp-playlist-light\">\n\t\t\t<div class=\"wp-playlist-current-item\"><\/div>\n\t\t<audio controls=\"controls\" preload=\"none\" width=\"1478\"\n\t\t\t><\/audio>\n\t<div class=\"wp-playlist-next\"><\/div>\n\t<div class=\"wp-playlist-prev\"><\/div>\n\t<noscript>\n\t<ol>\n\t\t<li><a href='https:\/\/www.celesta-schiedmayer.de\/wp-content\/uploads\/2016\/04\/Septemberwind.mp3'>Septemberwind<\/a><\/li>\t<\/ol>\n\t<\/noscript>\n\t<script type=\"application\/json\" class=\"wp-playlist-script\">{\"type\":\"audio\",\"tracklist\":true,\"tracknumbers\":true,\"images\":false,\"artists\":true,\"tracks\":[{\"src\":\"https:\/\/www.celesta-schiedmayer.de\/wp-content\/uploads\/2016\/04\/Septemberwind.mp3\",\"type\":\"audio\/mpeg\",\"title\":\"Septemberwind\",\"caption\":\"\",\"description\":\"\\\"Septemberwind\\\" from Schiedmayer Keyboards by Waldemar Grab. Genre: Classical.\",\"meta\":{\"artist\":\"Waldemar Grab\",\"album\":\"Schiedmayer Keyboards\",\"genre\":\"Classical\",\"length_formatted\":\"0:34\"}}]}<\/script>\n<\/div>\n\t<\/div><\/div><\/p><\/div>\n\n<style type=\"text\/css\" data-created_by=\"avia_inline_auto\" id=\"style-css-av-82kuh1-a5571a8bd6a0f45cf60521735172e7a7\">\n#top .hr.hr-invisible.av-82kuh1-a5571a8bd6a0f45cf60521735172e7a7{\nheight:50px;\n}\n<\/style>\n<div  class='hr av-82kuh1-a5571a8bd6a0f45cf60521735172e7a7 hr-invisible  avia-builder-el-28  el_after_av_one_half  el_before_av_one_half '><span class='hr-inner '><span class=\"hr-inner-style\"><\/span><\/span><\/div>\n\n<style type=\"text\/css\" data-created_by=\"avia_inline_auto\" id=\"style-css-av-8tbzm-5ea622629e32a874b1f871b75a9a15c0\">\n.flex_column.av-8tbzm-5ea622629e32a874b1f871b75a9a15c0{\nborder-radius:0px 0px 0px 0px;\npadding:0px 0px 0px 0px;\n}\n<\/style>\n<div  class='flex_column av-8tbzm-5ea622629e32a874b1f871b75a9a15c0 av_one_half  avia-builder-el-29  el_after_av_hr  el_before_av_one_half  first flex_column_div av-zero-column-padding  '     ><p>\n<style type=\"text\/css\" data-created_by=\"avia_inline_auto\" id=\"style-css-av-75ppvp-ba06d4017c63b0c509f07243888f5029\">\n#top .av-special-heading.av-75ppvp-ba06d4017c63b0c509f07243888f5029{\npadding-bottom:10px;\n}\nbody .av-special-heading.av-75ppvp-ba06d4017c63b0c509f07243888f5029 .av-special-heading-tag .heading-char{\nfont-size:25px;\n}\n.av-special-heading.av-75ppvp-ba06d4017c63b0c509f07243888f5029 .av-subheading{\nfont-size:15px;\n}\n<\/style>\n<div  class='av-special-heading av-75ppvp-ba06d4017c63b0c509f07243888f5029 av-special-heading-h3  avia-builder-el-30  el_before_av_textblock  avia-builder-el-first '><h3 class='av-special-heading-tag '  itemprop=\"headline\"  >Ma m\u00e8re l\u2019oye<\/h3><div class=\"special-heading-border\"><div class=\"special-heading-inner-border\"><\/div><\/div><\/div><br \/>\n<section  class='av_textblock_section av-2koy0a-a01299b6fa097d8de32778632c03b678 '   itemscope=\"itemscope\" itemtype=\"https:\/\/schema.org\/CreativeWork\" ><div class='avia_textblock'  itemprop=\"text\" ><p>\u00a9 2007 Philipp Vandr\u00e9, arranged and played by Philipp Vandr\u00e9: \u201eMa m\u00e8re l\u2019oye\u201c (Maurice Ravel)<\/p>\n<\/div><\/section><br \/>\n<div id=\"av_player-5\" class=\"av-player av-player-container av-jkccp3hs-1305ef05ecebaaf443079b7be7c53c9f avia-playerstyle-minimal av_player-5  avia-builder-el-32  el_after_av_textblock  avia-builder-el-last  av-player-hide-playlist avia-playlist-hide-cover\"><div class=\"av-player-player-container\"><div class=\"wp-playlist wp-audio-playlist wp-playlist-light\">\n\t\t\t<div class=\"wp-playlist-current-item\"><\/div>\n\t\t<audio controls=\"controls\" preload=\"none\" width=\"1478\"\n\t\t\t><\/audio>\n\t<div class=\"wp-playlist-next\"><\/div>\n\t<div class=\"wp-playlist-prev\"><\/div>\n\t<noscript>\n\t<ol>\n\t\t<li><a href='https:\/\/www.celesta-schiedmayer.de\/wp-content\/uploads\/2016\/04\/Solo-for-celesta-Ma-mere-loye.mp3'>Solo for Celesta - Ma m\u00e8re l\u2019oye<\/a><\/li>\t<\/ol>\n\t<\/noscript>\n\t<script type=\"application\/json\" class=\"wp-playlist-script\">{\"type\":\"audio\",\"tracklist\":true,\"tracknumbers\":true,\"images\":false,\"artists\":true,\"tracks\":[{\"src\":\"https:\/\/www.celesta-schiedmayer.de\/wp-content\/uploads\/2016\/04\/Solo-for-celesta-Ma-mere-loye.mp3\",\"type\":\"audio\/mpeg\",\"title\":\"Solo for Celesta - Ma m\\u00e8re l\\u2019oye\",\"caption\":\"\",\"description\":\"\\\"Solo for Celesta - Ma m\\u00e8re l\\u2019oye\\\" from Schiedmayer Keyboards by Philipp Vandr\\u00e9. Genre: Classical.\",\"meta\":{\"artist\":\"Philipp Vandr\\u00e9\",\"album\":\"Schiedmayer Keyboards\",\"genre\":\"Classical\",\"length_formatted\":\"1:02\"}}]}<\/script>\n<\/div>\n\t<\/div><\/div><\/p><\/div>\n\n<style type=\"text\/css\" data-created_by=\"avia_inline_auto\" id=\"style-css-av-1pugdu-ef4bf344878586f8160a316a511e3cf0\">\n.flex_column.av-1pugdu-ef4bf344878586f8160a316a511e3cf0{\nborder-radius:0px 0px 0px 0px;\npadding:0px 0px 0px 0px;\n}\n<\/style>\n<div  class='flex_column av-1pugdu-ef4bf344878586f8160a316a511e3cf0 av_one_half  avia-builder-el-33  el_after_av_one_half  el_before_av_hr  flex_column_div av-zero-column-padding  '     ><p>\n<style type=\"text\/css\" data-created_by=\"avia_inline_auto\" id=\"style-css-av-4pd7f9-8f6d41bf3f799eaf5f6ef046f017649d\">\n#top .av-special-heading.av-4pd7f9-8f6d41bf3f799eaf5f6ef046f017649d{\npadding-bottom:10px;\n}\nbody .av-special-heading.av-4pd7f9-8f6d41bf3f799eaf5f6ef046f017649d .av-special-heading-tag .heading-char{\nfont-size:25px;\n}\n.av-special-heading.av-4pd7f9-8f6d41bf3f799eaf5f6ef046f017649d .av-subheading{\nfont-size:15px;\n}\n<\/style>\n<div  class='av-special-heading av-4pd7f9-8f6d41bf3f799eaf5f6ef046f017649d av-special-heading-h3  avia-builder-el-34  el_before_av_textblock  avia-builder-el-first '><h3 class='av-special-heading-tag '  itemprop=\"headline\"  >Pealing of Bells<\/h3><div class=\"special-heading-border\"><div class=\"special-heading-inner-border\"><\/div><\/div><\/div><br \/>\n<section  class='av_textblock_section av-1jo5aq-b768a6fdc9923e1ce106552231b97d6f '   itemscope=\"itemscope\" itemtype=\"https:\/\/schema.org\/CreativeWork\" ><div class='avia_textblock'  itemprop=\"text\" ><p>\u00a9 1999 Massimo Graziato \u2013 special award for Celesta solo 2nd Schiedmayer International Composition Contest for Celesta 1999<\/p>\n<\/div><\/section><br \/>\n<div id=\"av_player-6\" class=\"av-player av-player-container av-jkccp3hs-1305ef05ecebaaf443079b7be7c53c9f avia-playerstyle-minimal av_player-6  avia-builder-el-36  el_after_av_textblock  avia-builder-el-last  av-player-hide-playlist avia-playlist-hide-cover\"><div class=\"av-player-player-container\"><div class=\"wp-playlist wp-audio-playlist wp-playlist-light\">\n\t\t\t<div class=\"wp-playlist-current-item\"><\/div>\n\t\t<audio controls=\"controls\" preload=\"none\" width=\"1478\"\n\t\t\t><\/audio>\n\t<div class=\"wp-playlist-next\"><\/div>\n\t<div class=\"wp-playlist-prev\"><\/div>\n\t<noscript>\n\t<ol>\n\t\t<li><a href='https:\/\/www.celesta-schiedmayer.de\/wp-content\/uploads\/2016\/04\/Pealing-of-bells-1.mp3'>Pealing of bells<\/a><\/li>\t<\/ol>\n\t<\/noscript>\n\t<script type=\"application\/json\" class=\"wp-playlist-script\">{\"type\":\"audio\",\"tracklist\":true,\"tracknumbers\":true,\"images\":false,\"artists\":true,\"tracks\":[{\"src\":\"https:\/\/www.celesta-schiedmayer.de\/wp-content\/uploads\/2016\/04\/Pealing-of-bells-1.mp3\",\"type\":\"audio\/mpeg\",\"title\":\"Pealing of bells\",\"caption\":\"\",\"description\":\"\\\"Pealing of bells\\\" from Schiedmayer Keyboards by Massimo Graziato. Genre: Classical.\",\"meta\":{\"artist\":\"Massimo Graziato\",\"album\":\"Schiedmayer Keyboards\",\"genre\":\"Classical\",\"length_formatted\":\"0:30\"}}]}<\/script>\n<\/div>\n\t<\/div><\/div><\/p><\/div>\n\n<style type=\"text\/css\" data-created_by=\"avia_inline_auto\" id=\"style-css-av-5c6jbp-5752a9ec1b02338d1a9f8cb723db5e27\">\n#top .hr.hr-invisible.av-5c6jbp-5752a9ec1b02338d1a9f8cb723db5e27{\nheight:50px;\n}\n<\/style>\n<div  class='hr av-5c6jbp-5752a9ec1b02338d1a9f8cb723db5e27 hr-invisible  avia-builder-el-37  el_after_av_one_half  el_before_av_one_half '><span class='hr-inner '><span class=\"hr-inner-style\"><\/span><\/span><\/div>\n\n<style type=\"text\/css\" data-created_by=\"avia_inline_auto\" id=\"style-css-av-33phiy-560eac7c9eb8abf744d3eb9113d86c36\">\n.flex_column.av-33phiy-560eac7c9eb8abf744d3eb9113d86c36{\nborder-radius:0px 0px 0px 0px;\npadding:0px 0px 0px 0px;\n}\n<\/style>\n<div  class='flex_column av-33phiy-560eac7c9eb8abf744d3eb9113d86c36 av_one_half  avia-builder-el-38  el_after_av_hr  el_before_av_one_half  first flex_column_div av-zero-column-padding  '     ><p>\n<style type=\"text\/css\" data-created_by=\"avia_inline_auto\" id=\"style-css-av-4yif9x-738a706ddebd5aca0ab7263b1cf6c7c5\">\n#top .av-special-heading.av-4yif9x-738a706ddebd5aca0ab7263b1cf6c7c5{\npadding-bottom:10px;\n}\nbody .av-special-heading.av-4yif9x-738a706ddebd5aca0ab7263b1cf6c7c5 .av-special-heading-tag .heading-char{\nfont-size:25px;\n}\n.av-special-heading.av-4yif9x-738a706ddebd5aca0ab7263b1cf6c7c5 .av-subheading{\nfont-size:15px;\n}\n<\/style>\n<div  class='av-special-heading av-4yif9x-738a706ddebd5aca0ab7263b1cf6c7c5 av-special-heading-h3  avia-builder-el-39  el_before_av_textblock  avia-builder-el-first '><h3 class='av-special-heading-tag '  itemprop=\"headline\"  >Fairy Dreams &#8211; Concertino for Celesta and Orchestra<\/h3><div class=\"special-heading-border\"><div class=\"special-heading-inner-border\"><\/div><\/div><\/div><br \/>\n<section  class='av_textblock_section av-37odte-4cef111a1bc05816c7f822c970430011 '   itemscope=\"itemscope\" itemtype=\"https:\/\/schema.org\/CreativeWork\" ><div class='avia_textblock'  itemprop=\"text\" ><p>Composer: Michael Kurek.\u00a9 2003 Michael Kurek, commissioned by The Nashville Symphony Orchestra, performed live by The W\u00fcrttembergische Philharmonie Reutlingen (Soloist Thomas Wellen)<\/p>\n<\/div><\/section><br \/>\n<div id=\"av_player-7\" class=\"av-player av-player-container av-jkccp3hs-1305ef05ecebaaf443079b7be7c53c9f avia-playerstyle-minimal av_player-7  avia-builder-el-41  el_after_av_textblock  avia-builder-el-last  av-player-hide-playlist avia-playlist-hide-cover\"><div class=\"av-player-player-container\"><div class=\"wp-playlist wp-audio-playlist wp-playlist-light\">\n\t\t\t<div class=\"wp-playlist-current-item\"><\/div>\n\t\t<audio controls=\"controls\" preload=\"none\" width=\"1478\"\n\t\t\t><\/audio>\n\t<div class=\"wp-playlist-next\"><\/div>\n\t<div class=\"wp-playlist-prev\"><\/div>\n\t<noscript>\n\t<ol>\n\t\t<li><a href='https:\/\/www.celesta-schiedmayer.de\/wp-content\/uploads\/2016\/04\/Fairy-Dreams.mp3'>Fairy Dreams<\/a><\/li>\t<\/ol>\n\t<\/noscript>\n\t<script type=\"application\/json\" class=\"wp-playlist-script\">{\"type\":\"audio\",\"tracklist\":true,\"tracknumbers\":true,\"images\":false,\"artists\":true,\"tracks\":[{\"src\":\"https:\/\/www.celesta-schiedmayer.de\/wp-content\/uploads\/2016\/04\/Fairy-Dreams.mp3\",\"type\":\"audio\/mpeg\",\"title\":\"Fairy Dreams\",\"caption\":\"\",\"description\":\"\\\"Fairy Dreams\\\" from Schiedmayer Keyboards by Thomas Wellen. Genre: Classical.\",\"meta\":{\"artist\":\"Thomas Wellen\",\"album\":\"Schiedmayer Keyboards\",\"genre\":\"Classical\",\"length_formatted\":\"1:19\"}}]}<\/script>\n<\/div>\n\t<\/div><\/div><\/p><\/div>\n\n<style type=\"text\/css\" data-created_by=\"avia_inline_auto\" id=\"style-css-av-250bma-a7301bf649377a0c3d19262e596bc024\">\n.flex_column.av-250bma-a7301bf649377a0c3d19262e596bc024{\nborder-radius:0px 0px 0px 0px;\npadding:0px 0px 0px 0px;\n}\n<\/style>\n<div  class='flex_column av-250bma-a7301bf649377a0c3d19262e596bc024 av_one_half  avia-builder-el-42  el_after_av_one_half  el_before_av_hr  flex_column_div av-zero-column-padding  '     ><p>\n<style type=\"text\/css\" data-created_by=\"avia_inline_auto\" id=\"style-css-av-596q5h-9100bb1f299ce6c137982e8489410288\">\n#top .av-special-heading.av-596q5h-9100bb1f299ce6c137982e8489410288{\npadding-bottom:10px;\n}\nbody .av-special-heading.av-596q5h-9100bb1f299ce6c137982e8489410288 .av-special-heading-tag .heading-char{\nfont-size:25px;\n}\n.av-special-heading.av-596q5h-9100bb1f299ce6c137982e8489410288 .av-subheading{\nfont-size:15px;\n}\n<\/style>\n<div  class='av-special-heading av-596q5h-9100bb1f299ce6c137982e8489410288 av-special-heading-h3  avia-builder-el-43  el_before_av_textblock  avia-builder-el-first '><h3 class='av-special-heading-tag '  itemprop=\"headline\"  >Bistro I Mirno Kao More (pt. 1)<\/h3><div class=\"special-heading-border\"><div class=\"special-heading-inner-border\"><\/div><\/div><\/div><br \/>\n<section  class='av_textblock_section av-1ucyoy-74ded8f7f0e1858f88c401f2a9c29d0b '   itemscope=\"itemscope\" itemtype=\"https:\/\/schema.org\/CreativeWork\" ><div class='avia_textblock'  itemprop=\"text\" ><p>1994 Wilhelm Lutz-Rijeka \u2013 1st prize Schiedmayer International Composition Contest for Celesta 1994, performed by Peter Przybylla\/Clarinet, Andreas G\u00f6tzinger\/Violin, Peter Gerschwitz\/Violoncello, Matthias Gr\u00e4ff-Schesta<\/p>\n<\/div><\/section><br \/>\n<div id=\"av_player-8\" class=\"av-player av-player-container av-jkccp3hs-1305ef05ecebaaf443079b7be7c53c9f avia-playerstyle-minimal av_player-8  avia-builder-el-45  el_after_av_textblock  avia-builder-el-last  av-player-hide-playlist avia-playlist-hide-cover\"><div class=\"av-player-player-container\"><div class=\"wp-playlist wp-audio-playlist wp-playlist-light\">\n\t\t\t<div class=\"wp-playlist-current-item\"><\/div>\n\t\t<audio controls=\"controls\" preload=\"none\" width=\"1478\"\n\t\t\t><\/audio>\n\t<div class=\"wp-playlist-next\"><\/div>\n\t<div class=\"wp-playlist-prev\"><\/div>\n\t<noscript>\n\t<ol>\n\t\t<li><a href='https:\/\/www.celesta-schiedmayer.de\/wp-content\/uploads\/2016\/04\/Bistro-i-mirno-kao-more-pt1.mp3'>Bistro i mirno kao more pt1<\/a><\/li>\t<\/ol>\n\t<\/noscript>\n\t<script type=\"application\/json\" class=\"wp-playlist-script\">{\"type\":\"audio\",\"tracklist\":true,\"tracknumbers\":true,\"images\":false,\"artists\":true,\"tracks\":[{\"src\":\"https:\/\/www.celesta-schiedmayer.de\/wp-content\/uploads\/2016\/04\/Bistro-i-mirno-kao-more-pt1.mp3\",\"type\":\"audio\/mpeg\",\"title\":\"Bistro i mirno kao more pt1\",\"caption\":\"\",\"description\":\"\\\"Bistro i mirno kao more pt1\\\" from Schiedmayer Keyboards by Matthias Gr\\u00e4ff-Schestag. Genre: Classical.\",\"meta\":{\"artist\":\"Matthias Gr\\u00e4ff-Schestag\",\"album\":\"Schiedmayer Keyboards\",\"genre\":\"Classical\",\"length_formatted\":\"0:21\"}}]}<\/script>\n<\/div>\n\t<\/div><\/div><\/p><\/div>\n\n<style type=\"text\/css\" data-created_by=\"avia_inline_auto\" id=\"style-css-av-3mqlp1-4b26f1050192d7785e0454277ffca388\">\n#top .hr.hr-invisible.av-3mqlp1-4b26f1050192d7785e0454277ffca388{\nheight:50px;\n}\n<\/style>\n<div  class='hr av-3mqlp1-4b26f1050192d7785e0454277ffca388 hr-invisible  avia-builder-el-46  el_after_av_one_half  el_before_av_one_half '><span class='hr-inner '><span class=\"hr-inner-style\"><\/span><\/span><\/div>\n\n<style type=\"text\/css\" data-created_by=\"avia_inline_auto\" id=\"style-css-av-hb2xm-a784c44590140e2a95836f47f530b454\">\n.flex_column.av-hb2xm-a784c44590140e2a95836f47f530b454{\nborder-radius:0px 0px 0px 0px;\npadding:0px 0px 0px 0px;\n}\n<\/style>\n<div  class='flex_column av-hb2xm-a784c44590140e2a95836f47f530b454 av_one_half  avia-builder-el-47  el_after_av_hr  el_before_av_one_half  first flex_column_div av-zero-column-padding  '     ><p>\n<style type=\"text\/css\" data-created_by=\"avia_inline_auto\" id=\"style-css-av-ujcl1-263620cf00a78f8c046aa4dc750420b6\">\n#top .av-special-heading.av-ujcl1-263620cf00a78f8c046aa4dc750420b6{\npadding-bottom:10px;\n}\nbody .av-special-heading.av-ujcl1-263620cf00a78f8c046aa4dc750420b6 .av-special-heading-tag .heading-char{\nfont-size:25px;\n}\n.av-special-heading.av-ujcl1-263620cf00a78f8c046aa4dc750420b6 .av-subheading{\nfont-size:15px;\n}\n<\/style>\n<div  class='av-special-heading av-ujcl1-263620cf00a78f8c046aa4dc750420b6 av-special-heading-h3  avia-builder-el-48  el_before_av_textblock  avia-builder-el-first '><h3 class='av-special-heading-tag '  itemprop=\"headline\"  >An hour before daybreak<\/h3><div class=\"special-heading-border\"><div class=\"special-heading-inner-border\"><\/div><\/div><\/div><br \/>\n<section  class='av_textblock_section av-awh8i-a4d2abadc6fbcea76f9a7e8cacdfecfe '   itemscope=\"itemscope\" itemtype=\"https:\/\/schema.org\/CreativeWork\" ><div class='avia_textblock'  itemprop=\"text\" ><p>\u00a9 2006 Salta Cello, Composer\/Pianist: Peter Schindler<\/p>\n<\/div><\/section><br \/>\n<div id=\"av_player-9\" class=\"av-player av-player-container av-jkccp3hs-1305ef05ecebaaf443079b7be7c53c9f avia-playerstyle-minimal av_player-9  avia-builder-el-50  el_after_av_textblock  avia-builder-el-last  av-player-hide-playlist avia-playlist-hide-cover\"><div class=\"av-player-player-container\"><div class=\"wp-playlist wp-audio-playlist wp-playlist-light\">\n\t\t\t<div class=\"wp-playlist-current-item\"><\/div>\n\t\t<audio controls=\"controls\" preload=\"none\" width=\"1478\"\n\t\t\t><\/audio>\n\t<div class=\"wp-playlist-next\"><\/div>\n\t<div class=\"wp-playlist-prev\"><\/div>\n\t<noscript>\n\t<ol>\n\t\t<li><a href='https:\/\/www.celesta-schiedmayer.de\/wp-content\/uploads\/2016\/04\/An-hour-before-daybreak.mp3'>An hour before daybreak<\/a><\/li>\t<\/ol>\n\t<\/noscript>\n\t<script type=\"application\/json\" class=\"wp-playlist-script\">{\"type\":\"audio\",\"tracklist\":true,\"tracknumbers\":true,\"images\":false,\"artists\":true,\"tracks\":[{\"src\":\"https:\/\/www.celesta-schiedmayer.de\/wp-content\/uploads\/2016\/04\/An-hour-before-daybreak.mp3\",\"type\":\"audio\/mpeg\",\"title\":\"An hour before daybreak\",\"caption\":\"\",\"description\":\"\\\"An hour before daybreak\\\" from Schiedmayer Keyboards by Peter Schindler. Genre: Classical.\",\"meta\":{\"artist\":\"Peter Schindler\",\"album\":\"Schiedmayer Keyboards\",\"genre\":\"Classical\",\"length_formatted\":\"0:33\"}}]}<\/script>\n<\/div>\n\t<\/div><\/div><\/p><\/div>\n\n<style type=\"text\/css\" data-created_by=\"avia_inline_auto\" id=\"style-css-av-134guq-7f392d760227c0cda66e93ae3d8a55fb\">\n.flex_column.av-134guq-7f392d760227c0cda66e93ae3d8a55fb{\nborder-radius:0px 0px 0px 0px;\npadding:0px 0px 0px 0px;\n}\n<\/style>\n<div  class='flex_column av-134guq-7f392d760227c0cda66e93ae3d8a55fb av_one_half  avia-builder-el-51  el_after_av_one_half  el_before_av_hr  flex_column_div av-zero-column-padding  '     ><p>\n<style type=\"text\/css\" data-created_by=\"avia_inline_auto\" id=\"style-css-av-jkku1ny7-2702c85694ae8a95a845f2334f3cae3b\">\n#top .av-special-heading.av-jkku1ny7-2702c85694ae8a95a845f2334f3cae3b{\npadding-bottom:10px;\n}\nbody .av-special-heading.av-jkku1ny7-2702c85694ae8a95a845f2334f3cae3b .av-special-heading-tag .heading-char{\nfont-size:25px;\n}\n.av-special-heading.av-jkku1ny7-2702c85694ae8a95a845f2334f3cae3b .av-subheading{\nfont-size:15px;\n}\n<\/style>\n<div  class='av-special-heading av-jkku1ny7-2702c85694ae8a95a845f2334f3cae3b av-special-heading-h3  avia-builder-el-52  el_before_av_textblock  avia-builder-el-first '><h3 class='av-special-heading-tag '  itemprop=\"headline\"  >Hatikva (Celesta Instrument)<\/h3><div class=\"special-heading-border\"><div class=\"special-heading-inner-border\"><\/div><\/div><\/div><br \/>\n<section  class='av_textblock_section av-ylf96-8fe1a10df09365ebb191deb18708bf20 '   itemscope=\"itemscope\" itemtype=\"https:\/\/schema.org\/CreativeWork\" ><div class='avia_textblock'  itemprop=\"text\" ><p>Hymn of Israel, performed by Waldemar Grab<\/p>\n<\/div><\/section><br \/>\n<div id=\"av_player-10\" class=\"av-player av-player-container av-jkccp3hs-1305ef05ecebaaf443079b7be7c53c9f avia-playerstyle-minimal av_player-10  avia-builder-el-54  el_after_av_textblock  avia-builder-el-last  av-player-hide-playlist avia-playlist-hide-cover\"><div class=\"av-player-player-container\"><div class=\"wp-playlist wp-audio-playlist wp-playlist-light\">\n\t\t\t<div class=\"wp-playlist-current-item\"><\/div>\n\t\t<audio controls=\"controls\" preload=\"none\" width=\"1478\"\n\t\t\t><\/audio>\n\t<div class=\"wp-playlist-next\"><\/div>\n\t<div class=\"wp-playlist-prev\"><\/div>\n\t<noscript>\n\t<ol>\n\t\t<li><a href='https:\/\/www.celesta-schiedmayer.de\/wp-content\/uploads\/2016\/04\/Hatikva.mp3'>Hatikva Hymn<\/a><\/li>\t<\/ol>\n\t<\/noscript>\n\t<script type=\"application\/json\" class=\"wp-playlist-script\">{\"type\":\"audio\",\"tracklist\":true,\"tracknumbers\":true,\"images\":false,\"artists\":true,\"tracks\":[{\"src\":\"https:\/\/www.celesta-schiedmayer.de\/wp-content\/uploads\/2016\/04\/Hatikva.mp3\",\"type\":\"audio\/mpeg\",\"title\":\"Hatikva Hymn\",\"caption\":\"\",\"description\":\"\\\"Hatikva Hymn\\\" from Schiedmayer Keyboards by Waldemar Grab. Genre: Classical.\",\"meta\":{\"artist\":\"Waldemar Grab\",\"album\":\"Schiedmayer Keyboards\",\"genre\":\"Classical\",\"length_formatted\":\"0:37\"}}]}<\/script>\n<\/div>\n\t<\/div><\/div><\/p><\/div>\n<div  class='hr av-jjwp1tu6-0e938050e9dd0c27725c03a0294d2cae hr-default  avia-builder-el-55  el_after_av_one_half  el_before_av_heading '><span class='hr-inner '><span class=\"hr-inner-style\"><\/span><\/span><\/div>\n\n<style type=\"text\/css\" data-created_by=\"avia_inline_auto\" id=\"style-css-av-av_heading-4bef881378a383fe377bda5947f6b3db\">\n#top .av-special-heading.av-av_heading-4bef881378a383fe377bda5947f6b3db{\npadding-bottom:10px;\n}\nbody .av-special-heading.av-av_heading-4bef881378a383fe377bda5947f6b3db .av-special-heading-tag .heading-char{\nfont-size:25px;\n}\n.av-special-heading.av-av_heading-4bef881378a383fe377bda5947f6b3db .av-subheading{\nfont-size:15px;\n}\n<\/style>\n<div  class='av-special-heading av-av_heading-4bef881378a383fe377bda5947f6b3db av-special-heading-h3 blockquote modern-quote modern-centered  avia-builder-el-56  el_after_av_hr  el_before_av_textblock '><h3 class='av-special-heading-tag '  itemprop=\"headline\"  >Contact us<\/h3><div class=\"special-heading-border\"><div class=\"special-heading-inner-border\"><\/div><\/div><\/div>\n<section  class='av_textblock_section av-jjwp19w5-8bce1cbbbf533e2a7015f13dd89cbbf9 '   itemscope=\"itemscope\" itemtype=\"https:\/\/schema.org\/CreativeWork\" ><div class='avia_textblock'  itemprop=\"text\" ><section class=\"av_textblock_section \">\n<div class=\"avia_textblock \">\n<p style=\"text-align: center;\">We would be happy to inform you about our instruments<\/p>\n<\/div>\n<\/section>\n<div class=\"hr hr-invisible avia-builder-el-37 el_after_av_textblock el_before_av_button \"><\/div>\n<\/div><\/section>\n<div  class='avia-button-wrap av-jjwp1mdp-fa5d403f1e315d2e488307e9f23cc65f-wrap avia-button-center  avia-builder-el-58  el_after_av_textblock  avia-builder-el-last '><a href='https:\/\/www.celesta-schiedmayer.de\/en\/contact\/contact-us\/'  class='avia-button av-jjwp1mdp-fa5d403f1e315d2e488307e9f23cc65f av-link-btn avia-icon_select-yes-left-icon avia-size-small avia-position-center avia-color-theme-color'   aria-label=\"Click for more informations\"><span class='avia_button_icon avia_button_icon_left avia-iconfont avia-font-entypo-fontello' data-av_icon='\ue800' data-av_iconfont='entypo-fontello' ><\/span><span class='avia_iconbox_title' >Click for more informations<\/span><\/a><\/div>\n","protected":false},"excerpt":{"rendered":"","protected":false},"author":1,"featured_media":0,"parent":803,"menu_order":5,"comment_status":"closed","ping_status":"closed","template":"","meta":{"footnotes":""},"class_list":["post-1253","page","type-page","status-publish","hentry"],"aioseo_notices":[],"_links":{"self":[{"href":"https:\/\/www.celesta-schiedmayer.de\/en\/wp-json\/wp\/v2\/pages\/1253","targetHints":{"allow":["GET"]}}],"collection":[{"href":"https:\/\/www.celesta-schiedmayer.de\/en\/wp-json\/wp\/v2\/pages"}],"about":[{"href":"https:\/\/www.celesta-schiedmayer.de\/en\/wp-json\/wp\/v2\/types\/page"}],"author":[{"embeddable":true,"href":"https:\/\/www.celesta-schiedmayer.de\/en\/wp-json\/wp\/v2\/users\/1"}],"replies":[{"embeddable":true,"href":"https:\/\/www.celesta-schiedmayer.de\/en\/wp-json\/wp\/v2\/comments?post=1253"}],"version-history":[{"count":0,"href":"https:\/\/www.celesta-schiedmayer.de\/en\/wp-json\/wp\/v2\/pages\/1253\/revisions"}],"up":[{"embeddable":true,"href":"https:\/\/www.celesta-schiedmayer.de\/en\/wp-json\/wp\/v2\/pages\/803"}],"wp:attachment":[{"href":"https:\/\/www.celesta-schiedmayer.de\/en\/wp-json\/wp\/v2\/media?parent=1253"}],"curies":[{"name":"wp","href":"https:\/\/api.w.org\/{rel}","templated":true}]}}